{"id":775,"date":"2024-09-02T19:48:15","date_gmt":"2024-09-02T16:48:15","guid":{"rendered":"https:\/\/enisolar.com\/?page_id=775"},"modified":"2024-11-03T20:33:15","modified_gmt":"2024-11-03T17:33:15","slug":"kvkk","status":"publish","type":"page","link":"https:\/\/enisolar.com\/en\/kvkk\/","title":{"rendered":"KVKK"},"content":{"rendered":"<p><strong>K\u0130\u015e\u0130SEL VER\u0130LER\u0130N KORUNMASI KANUNU (KVKK) AYDINLATMA METN\u0130<\/strong><\/p>\n\n\n\n<p><strong>Enisolar Enerji Sanayi Ticaret Anonim \u015eirketi&nbsp;<\/strong>(\u201c\u0130\u015fyeri\u201d) olarak, 6698 Say\u0131l\u0131 Ki\u015fisel Verilerin Korunmas\u0131 Kanunu\u2019nun (\u201cKanun\u201d) 10\u2019uncu maddesi uyar\u0131nca haz\u0131rlad\u0131\u011f\u0131m\u0131z ve t\u00fcm veri kategorileri ile ki\u015fi gruplar\u0131na ait olmak \u00fczere ki\u015fisel veri i\u015fleme faaliyeti hakk\u0131nda bilgi i\u00e7eren ayd\u0131nlatma metnini kamuoyunun ve ilgili ki\u015filerin bilgilerine sunar\u0131z;<\/p>\n\n\n\n<p><strong>MADDE 1: VER\u0130 SORUMLUSU<\/strong><\/p>\n\n\n\n<p>Ki\u015fisel verileriniz, veri sorumlusu s\u0131fat\u0131yla Enisolar Enerji Sanayi Ticaret Anonim \u015eirketi&nbsp;taraf\u0131ndan a\u015fa\u011f\u0131da a\u00e7\u0131klanan kapsamda i\u015flenebilecektir. Veri sorumlusu kavram\u0131ndan anla\u015f\u0131lmas\u0131 gereken; ki\u015fisel verilerin i\u015fleme ama\u00e7lar\u0131n\u0131 ve vas\u0131talar\u0131n\u0131 belirleyen, veri kay\u0131t sisteminin kurulmas\u0131nda ve y\u00f6netilmesinden sorumlu ger\u00e7ek veya t\u00fczel ki\u015fidir.<\/p>\n\n\n\n<p>Veri sorumlusuyla irtibata ge\u00e7mek i\u00e7in a\u015fa\u011f\u0131daki kanallar\u0131 kullanabilirsiniz:<\/p>\n\n\n\n<p>Adres&nbsp;: Umurbey Mahallesi 1518 Sk. No:6<\/p>\n\n\n\n<p>35230 Konak\/\u0130zmir<\/p>\n\n\n\n<p>Telefon: +90 (232) 425 0539<\/p>\n\n\n\n<p><strong>MADDE 2: \u0130\u015eLENEN K\u0130\u015e\u0130SEL VER\u0130LER ve K\u0130\u015e\u0130SEL VER\u0130LER\u0130N \u0130\u015eLEME AMACI<\/strong><\/p>\n\n\n\n<p>\u00c7al\u0131\u015fan, \u00e7al\u0131\u015fan aday\u0131, potansiyel \u00fcr\u00fcn veya hizmet al\u0131c\u0131s\u0131, \u00fcr\u00fcn veya hizmet al\u0131c\u0131s\u0131, tedarik\u00e7i \u00e7al\u0131\u015fan\u0131, tedarik\u00e7i yetkilisi, veli\/vasi\/temsilci ve ziyaret\u00e7ilere ait bulunup taraf\u0131m\u0131zca i\u015flenen ki\u015fisel veri kategorileri a\u015fa\u011f\u0131da s\u0131ralanm\u0131\u015f olup her bir veri kategorisi, kar\u015f\u0131s\u0131nda belirtilen ama\u00e7larla i\u015flenmektedir:&nbsp;<\/p>\n\n\n\n<ol class=\"wp-block-list\">\n<li>Ceza mahk\u00fbmiyeti ve g\u00fcvenlik tedbirleri \/ \u00c7al\u0131\u015fanlar i\u00e7in i\u015f akdi ve mevzuattan kaynakl\u0131 y\u00fck\u00fcml\u00fcl\u00fcklerin yerine getirilmesi<\/li>\n\n\n\n<li>Felsefi inan\u00e7, din, mezhep ve di\u011fer inan\u00e7lar \/ \u00c7al\u0131\u015fanlar i\u00e7in i\u015f akdi ve mevzuattan kaynakl\u0131 y\u00fck\u00fcml\u00fcl\u00fcklerin yerine getirilmesi<\/li>\n\n\n\n<li>\u0130leti\u015fim \/ \u00c7al\u0131\u015fanlar i\u00e7in i\u015f akdi ve mevzuattan kaynakl\u0131 y\u00fck\u00fcml\u00fcl\u00fcklerin yerine getirilmesi, e\u011fitim faaliyetlerinin y\u00fcr\u00fct\u00fclmesi, insan kaynaklar\u0131 s\u00fcre\u00e7lerinin planlanmas\u0131, yetkili ki\u015fi, kurum ve kurulu\u015flara bilgi verilmesi, y\u00f6netim faaliyetlerinin y\u00fcr\u00fct\u00fclmesi, mal hizmet sat\u0131n al\u0131m s\u00fcre\u00e7lerinin y\u00f6netilmesi, hukuk i\u015flerinin takibi ve y\u00fcr\u00fct\u00fclmesi, faaliyetlerin mevzuata uygun y\u00fcr\u00fct\u00fclmesi, \u00dcr\u00fcn \/ hizmetlerin pazarlama s\u00fcre\u00e7lerinin y\u00fcr\u00fct\u00fclmesi, Mal ve hizmet sat\u0131\u015f sonras\u0131 destek hizmetlerinin y\u00fcr\u00fct\u00fclmesi<\/li>\n\n\n\n<li>Kimlik \/ \u00c7al\u0131\u015fanlar i\u00e7in i\u015f akdi ve mevzuattan kaynakl\u0131 y\u00fck\u00fcml\u00fcl\u00fcklerin yerine getirilmesi, e\u011fitim faaliyetlerinin y\u00fcr\u00fct\u00fclmesi, insan kaynaklar\u0131 s\u00fcre\u00e7lerinin planlanmas\u0131, saklama ve ar\u015fiv faaliyetlerinin y\u00fcr\u00fct\u00fclmesi, yetkili ki\u015fi kurum ve kurulu\u015flara bilgi verilmesi, y\u00f6netim faaliyetlerinin y\u00fcr\u00fct\u00fclmesi \u00e7al\u0131\u015fanlar i\u00e7in yan haklar ve menfaatleri s\u00fcre\u00e7lerinin y\u00fcr\u00fct\u00fclmesi, mal hizmet sat\u0131n al\u0131m s\u00fcre\u00e7lerinin y\u00f6netilmesi, hukuk i\u015flerinin takibi, faaliyetlerin mevzuata uygun y\u00fcr\u00fct\u00fclmesi, \u00fcr\u00fcn \/ hizmetlerin pazarlama s\u00fcre\u00e7lerinin y\u00fcr\u00fct\u00fclmesi, hizmetin ifas\u0131<\/li>\n\n\n\n<li>Mesleki deneyim \/ \u00c7al\u0131\u015fanlar i\u00e7in i\u015f akdi ve mevzuattan kaynakl\u0131 y\u00fck\u00fcml\u00fcl\u00fcklerin yerine getirilmesi, \u00e7al\u0131\u015fanlar i\u00e7in yan haklar ve menfaatleri s\u00fcre\u00e7lerinin y\u00fcr\u00fct\u00fclmesi, \u00fcr\u00fcn hizmetlerin pazarlama s\u00fcre\u00e7lerinin y\u00fcr\u00fct\u00fclmesi<\/li>\n\n\n\n<li>Finans \/ \u00c7al\u0131\u015fanlar i\u00e7in i\u015f akdi ve mevzuattan kaynakl\u0131 y\u00fck\u00fcml\u00fcl\u00fcklerin yerine getirilmesi, \u00e7al\u0131\u015fanlar i\u00e7in yan haklar ve menfaatleri s\u00fcre\u00e7lerinin y\u00fcr\u00fct\u00fclmesi, finans ve muhasebe i\u015flerinin y\u00fcr\u00fct\u00fclmesi, finans ve muhasebe i\u015flerinin y\u00fcr\u00fct\u00fclmesi<\/li>\n\n\n\n<li>Sa\u011fl\u0131k bilgileri \/ \u00c7al\u0131\u015fanlar i\u00e7in i\u015f akdi ve mevzuattan kaynakl\u0131 y\u00fck\u00fcml\u00fcl\u00fcklerin yerine getirilmesi, i\u015f sa\u011fl\u0131\u011f\u0131 g\u00fcvenli\u011fi faaliyetlerinin y\u00fcr\u00fct\u00fclmesi, faaliyetlerin mevzuata uygun y\u00fcr\u00fct\u00fclmesi, yetkili ki\u015fi kurum ve kurulu\u015flara bilgi verilmesi, hizmetin ifas\u0131<\/li>\n\n\n\n<li>\u00d6zl\u00fck \/ \u00c7al\u0131\u015fanlar i\u00e7in i\u015f akdi ve mevzuattan kaynakl\u0131 y\u00fck\u00fcml\u00fcl\u00fcklerin yerine getirilmesi<\/li>\n\n\n\n<li>Lokasyon\u00a0 \/\u00a0 \u0130\u015fin takibi ve \u015firket ara\u00e7lar\u0131n\u0131n g\u00fcvenli\u011finin temini<\/li>\n\n\n\n<li>\u0130\u015flem G\u00fcvenli\u011fi\u00a0 \/\u00a0 \u0130nternet sitesi y\u00f6netimi ve siber g\u00fcvenli\u011fin temini<\/li>\n\n\n\n<li>Fiziksel mek\u00e2n g\u00fcvenli\u011fi \/ Fiziksel mek\u00e2n g\u00fcvenli\u011finin temini<\/li>\n<\/ol>\n\n\n\n<p><strong>MADDE 3: K\u0130\u015e\u0130SEL VER\u0130LER\u0130N AKTARILAB\u0130LECE\u011e\u0130 TARAFLAR VE AKTARMA AMACI<\/strong><\/p>\n\n\n\n<p>Bu ayd\u0131nlatma metnine konu ki\u015fisel verilerden, yasal y\u00fck\u00fcml\u00fcl\u00fcklerin yerine getirilmesi ve i\u015f akdi ile mevzuattan kaynakl\u0131 y\u00fck\u00fcml\u00fcl\u00fcklerin ger\u00e7ekle\u015ftirilmesi amac\u0131yla aktar\u0131lanlar ve bunlar\u0131n aktar\u0131ld\u0131\u011f\u0131 yerler a\u015fa\u011f\u0131da s\u0131ralanm\u0131\u015ft\u0131r:<\/p>\n\n\n\n<ol class=\"wp-block-list\">\n<li>Kimlik \/ Sosyal G\u00fcvenlik Kurumu, mali m\u00fc\u015favir, tedarik\u00e7iler<\/li>\n\n\n\n<li>\u0130leti\u015fim \/ Sosyal G\u00fcvenlik Kurumu, \u00d6zel sigorta \u015firketleri<\/li>\n\n\n\n<li>Finans \/ Sosyal G\u00fcvenlik Kurumu, mali m\u00fc\u015favir<\/li>\n\n\n\n<li>Mesleki deneyim \/ Sosyal G\u00fcvenlik Kurumu, mali m\u00fc\u015favir<\/li>\n\n\n\n<li>Sa\u011fl\u0131k bilgileri \/ Sosyal G\u00fcvenlik Kurumu, Ortak Sa\u011fl\u0131k G\u00fcvenlik Birimi, tedarik\u00e7iler, \u00f6zel sigorta \u015firketleri<\/li>\n\n\n\n<li>Fiziksel mek\u00e2n g\u00fcvenli\u011fi \/ Yetkili kamu kurum ve kurulu\u015flar\u0131<\/li>\n\n\n\n<li>\u00d6zl\u00fck \/ Ger\u00e7ek ki\u015filer veya \u00f6zel hukuk t\u00fczel ki\u015fileri<\/li>\n<\/ol>\n\n\n\n<p><strong>MADDE 4: K\u0130\u015e\u0130SEL VER\u0130 TOPLAMA Y\u00d6NTEMLER\u0130 VE HUKUK\u0130 SEBEPLER\u0130<\/strong><\/p>\n\n\n\n<p>\u00c7al\u0131\u015fan, \u00e7al\u0131\u015fan aday\u0131, potansiyel \u00fcr\u00fcn veya hizmet al\u0131c\u0131s\u0131, \u00fcr\u00fcn veya hizmet al\u0131c\u0131s\u0131 (bundan b\u00f6yle \u201cVeri konusu ki\u015fi grubu\u201d olarak an\u0131lacakt\u0131r), tedarik\u00e7i \u00e7al\u0131\u015fan\u0131, tedarik\u00e7i yetkilisi ve ziyaret\u00e7ilere ait ki\u015fisel veriler a\u015fa\u011f\u0131da belirtilen yollarla toplanmaktad\u0131r:<\/p>\n\n\n\n<ol class=\"wp-block-list\">\n<li>\u00c7al\u0131\u015fanlara ait ki\u015fisel veriler, ilgili ki\u015finin fiziksel ortamda belge teslim etmesi yoluyla<\/li>\n\n\n\n<li>\u00c7al\u0131\u015fan aday\u0131n\u0131n \u00f6zge\u00e7mi\u015fi, ilgili ki\u015finin fiziksel ortamda \u00f6zge\u00e7mi\u015fini teslim etmesi veya e-posta benzeri sanal y\u00f6ntemlerle g\u00f6ndermesi yoluyla<\/li>\n\n\n\n<li>Tedarik\u00e7i yetkilisi ve \u00e7al\u0131\u015fan\u0131na ait ki\u015fisel veriler otomatik olmayan y\u00f6ntemlerle<\/li>\n\n\n\n<li>Veri konusu ki\u015fi grubuna ait ki\u015fisel veriler, ilgili ki\u015finin fiziksel ortamda form doldurmas\u0131 ve ki\u015fisel verilerini s\u00f6zl\u00fc olarak beyan etmesi yoluyla<\/li>\n\n\n\n<li>Ziyaret\u00e7ilere ve potansiyel \u00fcr\u00fcn hizmet al\u0131c\u0131lar\u0131na ait ki\u015fisel veriler s\u00f6zl\u00fc olarak beyan edilmesi yoluyla<\/li>\n<\/ol>\n\n\n\n<p>Ki\u015fisel verilerin toplanmas\u0131 ve i\u015flenmesine dair hukuki sebep; bu ayd\u0131nlatma metninin 2\/f ve 2\/h f\u0131kralar\u0131 i\u00e7in a\u015fa\u011f\u0131dad\u0131r:<\/p>\n\n\n\n<ol class=\"wp-block-list\">\n<li>S\u00f6zle\u015fmenin taraflar\u0131na ait ki\u015fisel verilerin i\u015flenmesinin gerekli olmas\u0131\u00a0<\/li>\n<\/ol>\n\n\n\n<p>2\/c, 2\/d, 2\/h f\u0131kralar\u0131 i\u00e7in a\u015fa\u011f\u0131dad\u0131r:<\/p>\n\n\n\n<ol class=\"wp-block-list\">\n<li>S\u00f6zle\u015fmenin taraflar\u0131na ait ki\u015fisel verilerin i\u015flenmesinin gerekli olmas\u0131, me\u015fru menfaatleri i\u00e7in veri i\u015flenmesinin zorunlu olmas\u0131.<\/li>\n<\/ol>\n\n\n\n<p>2\/a, 2\/b ve 2\/e f\u0131kras\u0131 i\u00e7in hukuki sebep a\u00e7\u0131k r\u0131za al\u0131nmas\u0131d\u0131r.<\/p>\n\n\n\n<p>2\/g f\u0131kras\u0131 i\u00e7in ise hukuki sebep a\u00e7\u0131k r\u0131za al\u0131nmas\u0131 ile t\u0131bbi te\u015fhis, tedavi ve bak\u0131m hizmetlerinin y\u00fcr\u00fct\u00fclmesi amac\u0131yla i\u015flenmesidir.<\/p>\n\n\n\n<p>2\/i f\u0131kras\u0131 i\u00e7in ayr\u0131ca, herhangi bir hukuki y\u00fck\u00fcml\u00fcl\u00fc\u011f\u00fcn\u00fc yerine getirmesi amac\u0131yla i\u015flenmesinin gerekli olmas\u0131 sebebi de mevcuttur.<\/p>\n\n\n\n<p>2\/j f\u0131kras\u0131 i\u00e7in hukuki sebep, t\u0131bbi te\u015fhis, tedavi ve bak\u0131m hizmetlerinin y\u00fcr\u00fct\u00fclmesi amac\u0131yla i\u015flenmesidir<\/p>\n\n\n\n<p><strong>MADDE 5: K\u0130\u015e\u0130SEL VER\u0130LER\u0130N SAKLAMA S\u00dcRES\u0130<\/strong><\/p>\n\n\n\n<p>Bu ayd\u0131nlatma metninde yaz\u0131l\u0131 ki\u015fisel verilerin veri kategorilerine g\u00f6re saklama s\u00fcreleri a\u015fa\u011f\u0131da listelenmi\u015f olup s\u00fcre sonunda ki\u015fisel veriler imha edilir.<\/p>\n\n\n\n<ol class=\"wp-block-list\">\n<li>Ceza mahk\u00fbmiyeti ve g\u00fcvenlik tedbirleri \/ \u0130\u015f ili\u015fkisinin sona ermesinden itibaren 1 y\u0131l<\/li>\n\n\n\n<li>Felsefi inan\u00e7, din, mezhep ve di\u011fer inan\u00e7lar \/ \u0130\u015f ili\u015fkisinin sona ermesinden itibaren 10 y\u0131l<\/li>\n\n\n\n<li>\u0130leti\u015fim \/ \u0130\u015f ili\u015fkisinin sona ermesinden itibaren 10 y\u0131l\u00a0<\/li>\n\n\n\n<li>Kimlik \/ \u0130\u015f ili\u015fkisinin sona ermesinden itibaren 10 y\u0131l\u00a0<\/li>\n\n\n\n<li>Mesleki deneyim \/ \u0130\u015f ili\u015fkisinin sona ermesinden itibaren 10 y\u0131l<\/li>\n\n\n\n<li>Finans \/ \u0130\u015f ili\u015fkisinin sona ermesinden itibaren 10 y\u0131l\u00a0<\/li>\n\n\n\n<li>Sa\u011fl\u0131k bilgileri \/ \u0130\u015f ili\u015fkisinin sona ermesinden itibaren 10 y\u0131l \/ \u0130\u015f sa\u011fl\u0131\u011f\u0131 ve g\u00fcvenli\u011fi nedeniyle i\u015flenen verilerde i\u015f ili\u015fkisi sona erdikten sonra 15 y\u0131l\u00a0<\/li>\n\n\n\n<li>Askerlik durumu \u0130\u015f ili\u015fkisinin sona ermesinden itibaren 10 y\u0131l<\/li>\n\n\n\n<li>\u00d6zl\u00fck \/ \u0130\u015f ili\u015fkisinin sona ermesinden itibaren 10 y\u0131l<\/li>\n\n\n\n<li>Fiziksel mek\u00e2n g\u00fcvenli\u011fi \/ 1 ay<\/li>\n\n\n\n<li>\u00d6zge\u00e7mi\u015f \/ Elde edilmesinden itibaren 1 y\u0131l<\/li>\n\n\n\n<li>\u0130\u015flem G\u00fcvenli\u011fi bilgileri \/ Verinin al\u0131nmas\u0131ndan itibaren 2 y\u0131l;<\/li>\n<\/ol>\n\n\n\n<p><strong>MADDE 6: \u0130LG\u0130L\u0130 K\u0130\u015e\u0130N\u0130N HAKLARI<\/strong><\/p>\n\n\n\n<p>Ki\u015fisel verisi i\u015flenen ger\u00e7ek ki\u015fi, ilgili ki\u015fi olarak tan\u0131mlan\u0131r ve i\u015fyerine ba\u015fvurarak kendisiyle ilgili a\u015fa\u011f\u0131daki haklara sahiptir:<\/p>\n\n\n\n<ol class=\"wp-block-list\">\n<li>Ki\u015fisel veri i\u015flenip i\u015flenmedi\u011fini \u00f6\u011frenme<\/li>\n\n\n\n<li>Ki\u015fisel verileri i\u015flenmi\u015fse buna ili\u015fkin bilgi talep etme<\/li>\n\n\n\n<li>Ki\u015fisel verilerin i\u015flenme amac\u0131n\u0131 ve bunlar\u0131n amac\u0131na uygun kullan\u0131l\u0131p kullan\u0131lmad\u0131\u011f\u0131n\u0131 \u00f6\u011frenme\u00a0<\/li>\n\n\n\n<li>Yurt i\u00e7inde veya yurt d\u0131\u015f\u0131nda ki\u015fisel verilerin aktar\u0131ld\u0131\u011f\u0131 \u00fc\u00e7\u00fcnc\u00fc ki\u015fileri bilme<\/li>\n\n\n\n<li>Ki\u015fisel verilerin eksik veya yanl\u0131\u015f i\u015flenmi\u015f olmas\u0131 halinde bunlar\u0131n d\u00fczeltilmesini isteme<\/li>\n\n\n\n<li>Ki\u015fisel verilerin silinmesini veya yok edilmesini isteme<\/li>\n\n\n\n<li>(e) ve (f) bentleri uyar\u0131nca yap\u0131lan i\u015flemlerin, ki\u015fisel verilerin aktar\u0131ld\u0131\u011f\u0131 \u00fc\u00e7\u00fcnc\u00fc ki\u015filere bildirilmesini isteme<\/li>\n\n\n\n<li>\u0130\u015flenen verilerin m\u00fcnhas\u0131ran otomatik sistemler vas\u0131tas\u0131yla analiz edilmesi suretiyle ki\u015finin kendisi aleyhine bir sonucun ortaya \u00e7\u0131kmas\u0131na itiraz etme<\/li>\n\n\n\n<li>Ki\u015fisel verilerin kanuna ayk\u0131r\u0131 olarak i\u015flenmesi sebebiyle zarara u\u011framas\u0131 halinde zarar\u0131n giderilmesini talep etme<\/li>\n<\/ol>\n\n\n\n<p>Umurbey Mahallesi 1518 Sk. No:6 35230 Konak\/\u0130zmir adresine iadeli taahh\u00fctl\u00fc mektup yahut&nbsp;<a href=\"mailto:kvkk@enisolar.com\">kvkk@enisolar.com<\/a>&nbsp;adresine g\u00f6nderilecek e-mail ile i\u015fbu ayd\u0131nlatma metninde belirtilen ilgili ki\u015finin haklar\u0131 kullan\u0131labilecektir.&nbsp;<\/p>\n\n\n\n<p>Sayg\u0131lar\u0131m\u0131zla;&nbsp;<\/p>\n\n\n\n<p>Enisolar Enerji Sanayi Ticaret Anonim \u015eirketi<\/p>","protected":false},"excerpt":{"rendered":"<p>K\u0130\u015e\u0130SEL VER\u0130LER\u0130N KORUNMASI KANUNU (KVKK) AYDINLATMA METN\u0130 Enisolar Enerji Sanayi Ticaret Anonim \u015eirketi&nbsp;(\u201c\u0130\u015fyeri\u201d) olarak, 6698 Say\u0131l\u0131 Ki\u015fisel Verilerin Korunmas\u0131 Kanunu\u2019nun (\u201cKanun\u201d) 10\u2019uncu maddesi uyar\u0131nca haz\u0131rlad\u0131\u011f\u0131m\u0131z ve t\u00fcm veri kategorileri ile ki\u015fi gruplar\u0131na ait olmak \u00fczere ki\u015fisel veri i\u015fleme faaliyeti hakk\u0131nda bilgi i\u00e7eren ayd\u0131nlatma metnini kamuoyunun ve ilgili ki\u015filerin bilgilerine sunar\u0131z; MADDE 1: VER\u0130 SORUMLUSU Ki\u015fisel verileriniz, veri sorumlusu s\u0131fat\u0131yla Enisolar Enerji Sanayi Ticaret Anonim \u015eirketi&nbsp;taraf\u0131ndan a\u015fa\u011f\u0131da a\u00e7\u0131klanan kapsamda i\u015flenebilecektir. Veri[&hellip;]<\/p>\n","protected":false},"author":1,"featured_media":0,"parent":0,"menu_order":0,"comment_status":"closed","ping_status":"closed","template":"","meta":{"_acf_changed":false,"_coblocks_attr":"","_coblocks_dimensions":"","_coblocks_responsive_height":"","_coblocks_accordion_ie_support":"","footnotes":""},"class_list":["post-775","page","type-page","status-publish","hentry"],"acf":[],"_links":{"self":[{"href":"https:\/\/enisolar.com\/en\/wp-json\/wp\/v2\/pages\/775","targetHints":{"allow":["GET"]}}],"collection":[{"href":"https:\/\/enisolar.com\/en\/wp-json\/wp\/v2\/pages"}],"about":[{"href":"https:\/\/enisolar.com\/en\/wp-json\/wp\/v2\/types\/page"}],"author":[{"embeddable":true,"href":"https:\/\/enisolar.com\/en\/wp-json\/wp\/v2\/users\/1"}],"replies":[{"embeddable":true,"href":"https:\/\/enisolar.com\/en\/wp-json\/wp\/v2\/comments?post=775"}],"version-history":[{"count":2,"href":"https:\/\/enisolar.com\/en\/wp-json\/wp\/v2\/pages\/775\/revisions"}],"predecessor-version":[{"id":1157,"href":"https:\/\/enisolar.com\/en\/wp-json\/wp\/v2\/pages\/775\/revisions\/1157"}],"wp:attachment":[{"href":"https:\/\/enisolar.com\/en\/wp-json\/wp\/v2\/media?parent=775"}],"curies":[{"name":"wp","href":"https:\/\/api.w.org\/{rel}","templated":true}]}}