{"id":883,"date":"2024-09-23T00:01:18","date_gmt":"2024-09-22T21:01:18","guid":{"rendered":"https:\/\/enisolar.com\/?page_id=883"},"modified":"2024-09-23T00:14:45","modified_gmt":"2024-09-22T21:14:45","slug":"blog","status":"publish","type":"page","link":"https:\/\/enisolar.com\/en\/blog\/","title":{"rendered":"Blog"},"content":{"rendered":"<div data-elementor-type=\"wp-page\" data-elementor-id=\"883\" class=\"elementor elementor-883\" data-elementor-post-type=\"page\">\n\t\t\t\t\t\t<section class=\"elementor-section elementor-top-section elementor-element elementor-element-6184794 cspt-col-stretched-none cspt-bg-color-over-image elementor-section-boxed elementor-section-height-default elementor-section-height-default\" data-id=\"6184794\" data-element_type=\"section\" data-e-type=\"section\">\n\t\t\t\t\t\t<div class=\"elementor-container elementor-column-gap-default\">\n\t\t\t\t\t<div class=\"elementor-column elementor-col-100 elementor-top-column elementor-element elementor-element-f65d24d cspt-bg-color-over-image\" data-id=\"f65d24d\" data-element_type=\"column\" data-e-type=\"column\">\n\t\t\t<div class=\"elementor-widget-wrap elementor-element-populated\">\n\t\t\t\t\t\t<div class=\"elementor-element elementor-element-2ac29bb elementor-grid-3 elementor-grid-tablet-2 elementor-grid-mobile-1 elementor-posts--thumbnail-top elementor-card-shadow-yes elementor-posts__hover-gradient elementor-widget elementor-widget-posts\" data-id=\"2ac29bb\" data-element_type=\"widget\" data-e-type=\"widget\" data-settings=\"{&quot;pagination_type&quot;:&quot;numbers_and_prev_next&quot;,&quot;cards_columns&quot;:&quot;3&quot;,&quot;cards_columns_tablet&quot;:&quot;2&quot;,&quot;cards_columns_mobile&quot;:&quot;1&quot;,&quot;cards_row_gap&quot;:{&quot;unit&quot;:&quot;px&quot;,&quot;size&quot;:35,&quot;sizes&quot;:[]},&quot;cards_row_gap_tablet&quot;:{&quot;unit&quot;:&quot;px&quot;,&quot;size&quot;:&quot;&quot;,&quot;sizes&quot;:[]},&quot;cards_row_gap_mobile&quot;:{&quot;unit&quot;:&quot;px&quot;,&quot;size&quot;:&quot;&quot;,&quot;sizes&quot;:[]}}\" data-widget_type=\"posts.cards\">\n\t\t\t\t<div class=\"elementor-widget-container\">\n\t\t\t\t\t\t\t<div class=\"elementor-posts-container elementor-posts elementor-posts--skin-cards elementor-grid\">\n\t\t\t\t<article class=\"elementor-post elementor-grid-item post-1199 post type-post status-publish format-standard has-post-thumbnail hentry category-gunes-enerjisi tag-karbon-ayak-izi\">\n\t\t\t<div class=\"elementor-post__card\">\n\t\t\t\t<a class=\"elementor-post__thumbnail__link\" href=\"https:\/\/enisolar.com\/en\/net-sifir-emisyon\/\" tabindex=\"-1\"><div class=\"elementor-post__thumbnail\"><img fetchpriority=\"high\" decoding=\"async\" width=\"300\" height=\"169\" src=\"https:\/\/enisolar.com\/wp-content\/uploads\/2025\/02\/Enisolar_Home-300x169.png\" class=\"attachment-medium size-medium wp-image-1200\" alt=\"net s\u0131f\u0131r emisyon\" srcset=\"https:\/\/enisolar.com\/wp-content\/uploads\/2025\/02\/Enisolar_Home-300x169.png 300w, https:\/\/enisolar.com\/wp-content\/uploads\/2025\/02\/Enisolar_Home-1024x576.png 1024w, https:\/\/enisolar.com\/wp-content\/uploads\/2025\/02\/Enisolar_Home-768x432.png 768w, https:\/\/enisolar.com\/wp-content\/uploads\/2025\/02\/Enisolar_Home-1536x864.png 1536w, https:\/\/enisolar.com\/wp-content\/uploads\/2025\/02\/Enisolar_Home-18x10.png 18w, https:\/\/enisolar.com\/wp-content\/uploads\/2025\/02\/Enisolar_Home-770x433.png 770w, https:\/\/enisolar.com\/wp-content\/uploads\/2025\/02\/Enisolar_Home.png 1920w\" sizes=\"(max-width: 300px) 100vw, 300px\" data-id=\"1200\" \/><\/div><\/a>\n\t\t\t\t<div class=\"elementor-post__badge\">Solar Energy<\/div>\n\t\t\t\t<div class=\"elementor-post__text\">\n\t\t\t\t<h3 class=\"elementor-post__title\">\n\t\t\t<a href=\"https:\/\/enisolar.com\/en\/net-sifir-emisyon\/\">\n\t\t\t\tNet S\u0131f\u0131r Emisyon: Gelece\u011fe Temiz Bir Miras B\u0131rakmak\t\t\t<\/a>\n\t\t<\/h3>\n\t\t\t\t<div class=\"elementor-post__excerpt\">\n\t\t\t<p>Net S\u0131f\u0131r Emisyon \u2265 G\u00fcn\u00fcm\u00fczde iklim krizi, d\u00fcnyan\u0131n en \u00f6nemli sorunlar\u0131ndan biri haline gelmi\u015f durumda. Atmosfere sal\u0131nan sera gazlar\u0131n\u0131n d\u00fc\u015f\u00fcr\u00fclmesi ve s\u0131f\u0131ra indirgenmesi, gelecek nesillere daha ya\u015fanabilir bir d\u00fcnya b\u0131rakmak i\u00e7in kritik bir ad\u0131m. Bu noktada, &#8220;net s\u0131f\u0131r emisyon&#8221; kavram\u0131<\/p>\n\t\t<\/div>\n\t\t\n\t\t<a class=\"elementor-post__read-more\" href=\"https:\/\/enisolar.com\/en\/net-sifir-emisyon\/\" aria-label=\"Read more about Net S\u0131f\u0131r Emisyon: Gelece\u011fe Temiz Bir Miras B\u0131rakmak\" tabindex=\"-1\">\n\t\t\tRead more &quot;\t\t<\/a>\n\n\t\t\t\t<\/div>\n\t\t\t\t\t<\/div>\n\t\t<\/article>\n\t\t\t\t<article class=\"elementor-post elementor-grid-item post-1189 post type-post status-publish format-standard has-post-thumbnail hentry category-gunes-enerjisi tag-karbon-ayak-izi\">\n\t\t\t<div class=\"elementor-post__card\">\n\t\t\t\t<a class=\"elementor-post__thumbnail__link\" href=\"https:\/\/enisolar.com\/en\/karbon-ayak-izi-nedir\/\" tabindex=\"-1\"><div class=\"elementor-post__thumbnail\"><img decoding=\"async\" width=\"300\" height=\"199\" src=\"https:\/\/enisolar.com\/wp-content\/uploads\/2025\/01\/karbon-300x199.png\" class=\"attachment-medium size-medium wp-image-1190\" alt=\"Karbon Ayak \u0130zi Nedir?\" srcset=\"https:\/\/enisolar.com\/wp-content\/uploads\/2025\/01\/karbon-300x199.png 300w, https:\/\/enisolar.com\/wp-content\/uploads\/2025\/01\/karbon-1024x680.png 1024w, https:\/\/enisolar.com\/wp-content\/uploads\/2025\/01\/karbon-768x510.png 768w, https:\/\/enisolar.com\/wp-content\/uploads\/2025\/01\/karbon-1536x1020.png 1536w, https:\/\/enisolar.com\/wp-content\/uploads\/2025\/01\/karbon-18x12.png 18w, https:\/\/enisolar.com\/wp-content\/uploads\/2025\/01\/karbon-770x511.png 770w, https:\/\/enisolar.com\/wp-content\/uploads\/2025\/01\/karbon.png 2000w\" sizes=\"(max-width: 300px) 100vw, 300px\" data-id=\"1190\" \/><\/div><\/a>\n\t\t\t\t<div class=\"elementor-post__badge\">Solar Energy<\/div>\n\t\t\t\t<div class=\"elementor-post__text\">\n\t\t\t\t<h3 class=\"elementor-post__title\">\n\t\t\t<a href=\"https:\/\/enisolar.com\/en\/karbon-ayak-izi-nedir\/\">\n\t\t\t\tKarbon Ayak \u0130zi Nedir?\t\t\t<\/a>\n\t\t<\/h3>\n\t\t\t\t<div class=\"elementor-post__excerpt\">\n\t\t\t<p>Karbon Ayak \u0130zi Nedir \u2265 G\u00fcn\u00fcm\u00fczde \u00e7evresel s\u00fcrd\u00fcr\u00fclebilirlik, bireylerden \u015firketlere kadar herkesin g\u00fcndeminde. Peki, bu s\u00fcrecin en \u00f6nemli kavramlar\u0131ndan biri olan karbon ayak izi tam olarak nedir ve neden bu kadar \u00f6nemlidir? Enisolar olarak, bu kritik konuyu ele alarak hem<\/p>\n\t\t<\/div>\n\t\t\n\t\t<a class=\"elementor-post__read-more\" href=\"https:\/\/enisolar.com\/en\/karbon-ayak-izi-nedir\/\" aria-label=\"Read more about Karbon Ayak \u0130zi Nedir?\" tabindex=\"-1\">\n\t\t\tRead more &quot;\t\t<\/a>\n\n\t\t\t\t<\/div>\n\t\t\t\t\t<\/div>\n\t\t<\/article>\n\t\t\t\t<article class=\"elementor-post elementor-grid-item post-1183 post type-post status-publish format-standard has-post-thumbnail hentry category-gunes-enerjisi\">\n\t\t\t<div class=\"elementor-post__card\">\n\t\t\t\t<a class=\"elementor-post__thumbnail__link\" href=\"https:\/\/enisolar.com\/en\/tarim-ve-enerjinin-guc-birligi\/\" tabindex=\"-1\"><div class=\"elementor-post__thumbnail\"><img decoding=\"async\" width=\"300\" height=\"181\" src=\"https:\/\/enisolar.com\/wp-content\/uploads\/2024\/12\/Screenshot-2024-12-18-at-15.42.08-300x181.png\" class=\"attachment-medium size-medium wp-image-1184\" alt=\"Tar\u0131m ve Enerjinin G\u00fc\u00e7 Birli\u011fi\" srcset=\"https:\/\/enisolar.com\/wp-content\/uploads\/2024\/12\/Screenshot-2024-12-18-at-15.42.08-300x181.png 300w, https:\/\/enisolar.com\/wp-content\/uploads\/2024\/12\/Screenshot-2024-12-18-at-15.42.08-1024x617.png 1024w, https:\/\/enisolar.com\/wp-content\/uploads\/2024\/12\/Screenshot-2024-12-18-at-15.42.08-768x463.png 768w, https:\/\/enisolar.com\/wp-content\/uploads\/2024\/12\/Screenshot-2024-12-18-at-15.42.08-1536x926.png 1536w, https:\/\/enisolar.com\/wp-content\/uploads\/2024\/12\/Screenshot-2024-12-18-at-15.42.08-18x12.png 18w, https:\/\/enisolar.com\/wp-content\/uploads\/2024\/12\/Screenshot-2024-12-18-at-15.42.08-770x464.png 770w, https:\/\/enisolar.com\/wp-content\/uploads\/2024\/12\/Screenshot-2024-12-18-at-15.42.08.png 2000w\" sizes=\"(max-width: 300px) 100vw, 300px\" data-id=\"1184\" \/><\/div><\/a>\n\t\t\t\t<div class=\"elementor-post__badge\">Solar Energy<\/div>\n\t\t\t\t<div class=\"elementor-post__text\">\n\t\t\t\t<h3 class=\"elementor-post__title\">\n\t\t\t<a href=\"https:\/\/enisolar.com\/en\/tarim-ve-enerjinin-guc-birligi\/\">\n\t\t\t\tTar\u0131m ve Enerjinin G\u00fc\u00e7 Birli\u011fi: Tar\u0131msal Fotovoltaikler ile Verimli Gelecek\t\t\t<\/a>\n\t\t<\/h3>\n\t\t\t\t<div class=\"elementor-post__excerpt\">\n\t\t\t<p>Tar\u0131m ve Enerji \u2265 Enerji krizi ve iklim de\u011fi\u015fikli\u011fiyle m\u00fccadelede, yenilenebilir enerji \u00e7\u00f6z\u00fcmlerine olan ihtiya\u00e7 giderek art\u0131yor. Enisolar olarak, s\u00fcrd\u00fcr\u00fclebilir enerji d\u00f6n\u00fc\u015f\u00fcm\u00fcne katk\u0131 sa\u011flamak i\u00e7in tar\u0131m ve g\u00fcne\u015f enerjisini bir araya getiren tar\u0131msal fotovoltaik \u00e7\u00f6z\u00fcmler sunuyoruz. Yenilik\u00e7i projelerimizle, hem tar\u0131msal<\/p>\n\t\t<\/div>\n\t\t\n\t\t<a class=\"elementor-post__read-more\" href=\"https:\/\/enisolar.com\/en\/tarim-ve-enerjinin-guc-birligi\/\" aria-label=\"Read more about Tar\u0131m ve Enerjinin G\u00fc\u00e7 Birli\u011fi: Tar\u0131msal Fotovoltaikler ile Verimli Gelecek\" tabindex=\"-1\">\n\t\t\tRead more &quot;\t\t<\/a>\n\n\t\t\t\t<\/div>\n\t\t\t\t\t<\/div>\n\t\t<\/article>\n\t\t\t\t<article class=\"elementor-post elementor-grid-item post-1175 post type-post status-publish format-standard has-post-thumbnail hentry category-gunes-enerjisi\">\n\t\t\t<div class=\"elementor-post__card\">\n\t\t\t\t<a class=\"elementor-post__thumbnail__link\" href=\"https:\/\/enisolar.com\/en\/turkiyenin-iklim-hedeflerine-ulasmasinin-anahtari-komurden-cikis\/\" tabindex=\"-1\"><div class=\"elementor-post__thumbnail\"><img loading=\"lazy\" decoding=\"async\" width=\"300\" height=\"248\" src=\"https:\/\/enisolar.com\/wp-content\/uploads\/2024\/12\/blog_cover-300x248.png\" class=\"attachment-medium size-medium wp-image-1181\" alt=\"T\u00fcrkiye&#039;nin \u0130klim Krizinden ka\u00e7\u0131\u015f plan\u0131\" srcset=\"https:\/\/enisolar.com\/wp-content\/uploads\/2024\/12\/blog_cover-300x248.png 300w, https:\/\/enisolar.com\/wp-content\/uploads\/2024\/12\/blog_cover-1024x845.png 1024w, https:\/\/enisolar.com\/wp-content\/uploads\/2024\/12\/blog_cover-768x634.png 768w, https:\/\/enisolar.com\/wp-content\/uploads\/2024\/12\/blog_cover-15x12.png 15w, https:\/\/enisolar.com\/wp-content\/uploads\/2024\/12\/blog_cover-770x635.png 770w, https:\/\/enisolar.com\/wp-content\/uploads\/2024\/12\/blog_cover.png 1309w\" sizes=\"(max-width: 300px) 100vw, 300px\" data-id=\"1181\" \/><\/div><\/a>\n\t\t\t\t<div class=\"elementor-post__badge\">Solar Energy<\/div>\n\t\t\t\t<div class=\"elementor-post__text\">\n\t\t\t\t<h3 class=\"elementor-post__title\">\n\t\t\t<a href=\"https:\/\/enisolar.com\/en\/turkiyenin-iklim-hedeflerine-ulasmasinin-anahtari-komurden-cikis\/\">\n\t\t\t\tT\u00fcrkiye&#8217;nin \u0130klim Hedeflerine Ula\u015fmas\u0131n\u0131n Anahtar\u0131: K\u00f6m\u00fcrden \u00c7\u0131k\u0131\u015f\t\t\t<\/a>\n\t\t<\/h3>\n\t\t\t\t<div class=\"elementor-post__excerpt\">\n\t\t\t<p>\u0130klim Hedefleri \u2265 D\u00fcnyan\u0131n d\u00f6rt bir yan\u0131nda h\u00fck\u00fcmetler ve sivil toplum kurulu\u015flar\u0131, iklim krizine kar\u015f\u0131 acil \u00e7\u00f6z\u00fcmler ararken, yenilenebilir enerji d\u00f6n\u00fc\u015f\u00fcm\u00fc hi\u00e7 olmad\u0131\u011f\u0131 kadar \u00f6nemli hale geldi. T\u00fcrkiye\u2019nin bu d\u00f6n\u00fc\u015f\u00fcm\u00fcnde g\u00fcvenilir bir yol arkada\u015f\u0131 olarak \u00f6ne \u00e7\u0131kan Enisolar, 18 y\u0131l\u0131<\/p>\n\t\t<\/div>\n\t\t\n\t\t<a class=\"elementor-post__read-more\" href=\"https:\/\/enisolar.com\/en\/turkiyenin-iklim-hedeflerine-ulasmasinin-anahtari-komurden-cikis\/\" aria-label=\"Read more about T\u00fcrkiye&#8217;nin \u0130klim Hedeflerine Ula\u015fmas\u0131n\u0131n Anahtar\u0131: K\u00f6m\u00fcrden \u00c7\u0131k\u0131\u015f\" tabindex=\"-1\">\n\t\t\tRead more &quot;\t\t<\/a>\n\n\t\t\t\t<\/div>\n\t\t\t\t\t<\/div>\n\t\t<\/article>\n\t\t\t\t<article class=\"elementor-post elementor-grid-item post-1166 post type-post status-publish format-standard has-post-thumbnail hentry category-elektrikli-arac\">\n\t\t\t<div class=\"elementor-post__card\">\n\t\t\t\t<a class=\"elementor-post__thumbnail__link\" href=\"https:\/\/enisolar.com\/en\/elektrikli-araclar-verimli-mi-cevre-dostu-ve-ekonomik-gelecegin-kilidi\/\" tabindex=\"-1\"><div class=\"elementor-post__thumbnail\"><img loading=\"lazy\" decoding=\"async\" width=\"300\" height=\"200\" src=\"https:\/\/enisolar.com\/wp-content\/uploads\/2024\/11\/young-couple-man-and-woman-traveling-by-electric-c-2024-07-24-16-04-28-utc-300x200.jpg\" class=\"attachment-medium size-medium wp-image-1167\" alt=\"Elektrikli Ara\u00e7lar Verimli mi?\" srcset=\"https:\/\/enisolar.com\/wp-content\/uploads\/2024\/11\/young-couple-man-and-woman-traveling-by-electric-c-2024-07-24-16-04-28-utc-300x200.jpg 300w, https:\/\/enisolar.com\/wp-content\/uploads\/2024\/11\/young-couple-man-and-woman-traveling-by-electric-c-2024-07-24-16-04-28-utc-1024x683.jpg 1024w, https:\/\/enisolar.com\/wp-content\/uploads\/2024\/11\/young-couple-man-and-woman-traveling-by-electric-c-2024-07-24-16-04-28-utc-768x512.jpg 768w, https:\/\/enisolar.com\/wp-content\/uploads\/2024\/11\/young-couple-man-and-woman-traveling-by-electric-c-2024-07-24-16-04-28-utc-1536x1024.jpg 1536w, https:\/\/enisolar.com\/wp-content\/uploads\/2024\/11\/young-couple-man-and-woman-traveling-by-electric-c-2024-07-24-16-04-28-utc-2048x1365.jpg 2048w, https:\/\/enisolar.com\/wp-content\/uploads\/2024\/11\/young-couple-man-and-woman-traveling-by-electric-c-2024-07-24-16-04-28-utc-18x12.jpg 18w, https:\/\/enisolar.com\/wp-content\/uploads\/2024\/11\/young-couple-man-and-woman-traveling-by-electric-c-2024-07-24-16-04-28-utc-770x513.jpg 770w\" sizes=\"(max-width: 300px) 100vw, 300px\" data-id=\"1167\" \/><\/div><\/a>\n\t\t\t\t<div class=\"elementor-post__badge\">Elektrikli Ara\u00e7<\/div>\n\t\t\t\t<div class=\"elementor-post__text\">\n\t\t\t\t<h3 class=\"elementor-post__title\">\n\t\t\t<a href=\"https:\/\/enisolar.com\/en\/elektrikli-araclar-verimli-mi-cevre-dostu-ve-ekonomik-gelecegin-kilidi\/\">\n\t\t\t\tElektrikli Ara\u00e7lar Verimli mi? \u00c7evre Dostu ve Ekonomik Gelece\u011fin Kilidi!\t\t\t<\/a>\n\t\t<\/h3>\n\t\t\t\t<div class=\"elementor-post__excerpt\">\n\t\t\t<p>D\u00fcnyam\u0131z h\u0131zla de\u011fi\u015fiyor, teknolojik geli\u015fmeler \u00e7evremizi ve ya\u015fam bi\u00e7imimizi yeniden \u015fekillendiriyor. \u00d6zellikle ula\u015f\u0131m sekt\u00f6r\u00fc, enerji verimlili\u011fi ve \u00e7evresel etkileri minimize etmek ad\u0131na b\u00fcy\u00fck bir d\u00f6n\u00fc\u015f\u00fcm ya\u015f\u0131yor. Bu d\u00f6n\u00fc\u015f\u00fcm\u00fcn en \u00f6nemli par\u00e7as\u0131 olan elektrikli ara\u00e7lar, i\u00e7ten yanmal\u0131 motorlara sahip geleneksel ara\u00e7lara<\/p>\n\t\t<\/div>\n\t\t\n\t\t<a class=\"elementor-post__read-more\" href=\"https:\/\/enisolar.com\/en\/elektrikli-araclar-verimli-mi-cevre-dostu-ve-ekonomik-gelecegin-kilidi\/\" aria-label=\"Read more about Elektrikli Ara\u00e7lar Verimli mi? \u00c7evre Dostu ve Ekonomik Gelece\u011fin Kilidi!\" tabindex=\"-1\">\n\t\t\tRead more &quot;\t\t<\/a>\n\n\t\t\t\t<\/div>\n\t\t\t\t\t<\/div>\n\t\t<\/article>\n\t\t\t\t<article class=\"elementor-post elementor-grid-item post-1160 post type-post status-publish format-standard has-post-thumbnail hentry category-gunes-enerjisi\">\n\t\t\t<div class=\"elementor-post__card\">\n\t\t\t\t<a class=\"elementor-post__thumbnail__link\" href=\"https:\/\/enisolar.com\/en\/karbon-notr-karbon-zero-surdurulebilir-bir-gelecek-icin-ne-anlama-geliyor\/\" tabindex=\"-1\"><div class=\"elementor-post__thumbnail\"><img loading=\"lazy\" decoding=\"async\" width=\"300\" height=\"245\" src=\"https:\/\/enisolar.com\/wp-content\/uploads\/2024\/11\/Screenshot-2024-11-14-at-14.41.32-300x245.png\" class=\"attachment-medium size-medium wp-image-1165\" alt=\"Karbon N\u00f6tr &amp; Karbon Zero\" srcset=\"https:\/\/enisolar.com\/wp-content\/uploads\/2024\/11\/Screenshot-2024-11-14-at-14.41.32-300x245.png 300w, https:\/\/enisolar.com\/wp-content\/uploads\/2024\/11\/Screenshot-2024-11-14-at-14.41.32-768x628.png 768w, https:\/\/enisolar.com\/wp-content\/uploads\/2024\/11\/Screenshot-2024-11-14-at-14.41.32-15x12.png 15w, https:\/\/enisolar.com\/wp-content\/uploads\/2024\/11\/Screenshot-2024-11-14-at-14.41.32-770x630.png 770w, https:\/\/enisolar.com\/wp-content\/uploads\/2024\/11\/Screenshot-2024-11-14-at-14.41.32.png 824w\" sizes=\"(max-width: 300px) 100vw, 300px\" data-id=\"1165\" \/><\/div><\/a>\n\t\t\t\t<div class=\"elementor-post__badge\">Solar Energy<\/div>\n\t\t\t\t<div class=\"elementor-post__text\">\n\t\t\t\t<h3 class=\"elementor-post__title\">\n\t\t\t<a href=\"https:\/\/enisolar.com\/en\/karbon-notr-karbon-zero-surdurulebilir-bir-gelecek-icin-ne-anlama-geliyor\/\">\n\t\t\t\tKarbon N\u00f6tr &amp; Karbon Zero: Fark\u0131 Anlayal\u0131m?\t\t\t<\/a>\n\t\t<\/h3>\n\t\t\t\t<div class=\"elementor-post__excerpt\">\n\t\t\t<p>\u0130klim de\u011fi\u015fikli\u011fi ve \u00e7evresel etkilerin giderek daha fazla konu\u015fulmaya ba\u015flamas\u0131yla, karbon sal\u0131n\u0131mlar\u0131n\u0131 azaltmak, s\u00fcrd\u00fcr\u00fclebilirlik ad\u0131na \u00f6nemli bir g\u00fcndem maddesi haline geldi. Karbon ayak izini k\u00fc\u00e7\u00fcltmek, \u00e7evresel dengenin korunmas\u0131nda b\u00fcy\u00fck rol oynarken, \u015firketler ve bireyler bu konuda daha bilin\u00e7li ad\u0131mlar atmaya<\/p>\n\t\t<\/div>\n\t\t\n\t\t<a class=\"elementor-post__read-more\" href=\"https:\/\/enisolar.com\/en\/karbon-notr-karbon-zero-surdurulebilir-bir-gelecek-icin-ne-anlama-geliyor\/\" aria-label=\"Read more about Karbon N\u00f6tr &amp; Karbon Zero: Fark\u0131 Anlayal\u0131m?\" tabindex=\"-1\">\n\t\t\tRead more &quot;\t\t<\/a>\n\n\t\t\t\t<\/div>\n\t\t\t\t\t<\/div>\n\t\t<\/article>\n\t\t\t\t<\/div>\n\t\t\n\t\t\t\t<div class=\"e-load-more-anchor\" data-page=\"1\" data-max-page=\"2\" data-next-page=\"https:\/\/enisolar.com\/en\/wp-json\/wp\/v2\/pages\/883\/page\/2\/\"><\/div>\n\t\t\t\t<nav class=\"elementor-pagination\" aria-label=\"Pagination\">\n\t\t\t<span class=\"page-numbers prev\">&laquo; \u00d6nceki<\/span>\n<span aria-current=\"page\" class=\"page-numbers current\"><span class=\"elementor-screen-only\">Page<\/span>1<\/span>\n<a class=\"page-numbers\" href=\"https:\/\/enisolar.com\/en\/wp-json\/wp\/v2\/pages\/883\/page\/2\/\"><span class=\"elementor-screen-only\">Page<\/span>2<\/a>\n<a class=\"page-numbers next\" href=\"https:\/\/enisolar.com\/en\/wp-json\/wp\/v2\/pages\/883\/page\/2\/\">Sonraki &raquo;<\/a>\t\t<\/nav>\n\t\t\t\t\t\t<\/div>\n\t\t\t\t<\/div>\n\t\t\t\t\t<\/div>\n\t\t<\/div>\n\t\t\t\t\t<\/div>\n\t\t<\/section>\n\t\t\t\t<\/div>","protected":false},"excerpt":{"rendered":"","protected":false},"author":4,"featured_media":0,"parent":0,"menu_order":0,"comment_status":"closed","ping_status":"closed","template":"elementor_header_footer","meta":{"_acf_changed":false,"_coblocks_attr":"","_coblocks_dimensions":"","_coblocks_responsive_height":"","_coblocks_accordion_ie_support":"","footnotes":""},"class_list":["post-883","page","type-page","status-publish","hentry"],"acf":[],"_links":{"self":[{"href":"https:\/\/enisolar.com\/en\/wp-json\/wp\/v2\/pages\/883","targetHints":{"allow":["GET"]}}],"collection":[{"href":"https:\/\/enisolar.com\/en\/wp-json\/wp\/v2\/pages"}],"about":[{"href":"https:\/\/enisolar.com\/en\/wp-json\/wp\/v2\/types\/page"}],"author":[{"embeddable":true,"href":"https:\/\/enisolar.com\/en\/wp-json\/wp\/v2\/users\/4"}],"replies":[{"embeddable":true,"href":"https:\/\/enisolar.com\/en\/wp-json\/wp\/v2\/comments?post=883"}],"version-history":[{"count":11,"href":"https:\/\/enisolar.com\/en\/wp-json\/wp\/v2\/pages\/883\/revisions"}],"predecessor-version":[{"id":897,"href":"https:\/\/enisolar.com\/en\/wp-json\/wp\/v2\/pages\/883\/revisions\/897"}],"wp:attachment":[{"href":"https:\/\/enisolar.com\/en\/wp-json\/wp\/v2\/media?parent=883"}],"curies":[{"name":"wp","href":"https:\/\/api.w.org\/{rel}","templated":true}]}}